{"id":180,"date":"2023-04-02T18:57:54","date_gmt":"2023-04-02T18:57:54","guid":{"rendered":"https:\/\/i101.de\/?page_id=180"},"modified":"2026-01-25T20:57:57","modified_gmt":"2026-01-25T20:57:57","slug":"schauen","status":"publish","type":"page","link":"https:\/\/i101.de\/?page_id=180","title":{"rendered":"Schauen"},"content":{"rendered":"\t\t<div data-elementor-type=\"wp-page\" data-elementor-id=\"180\" class=\"elementor elementor-180\">\n\t\t\t\t\t\t\t<div class=\"elementor-element elementor-element-82da714 e-con-boxed e-flex e-con\" data-id=\"82da714\" data-element_type=\"container\" data-settings=\"{&quot;content_width&quot;:&quot;boxed&quot;}\">\n\t\t\t\t\t<div class=\"e-con-inner\">\n\t\t\t\t<div class=\"elementor-element elementor-element-0667642 elementor-widget elementor-widget-spacer\" data-id=\"0667642\" data-element_type=\"widget\" data-widget_type=\"spacer.default\">\n\t\t\t\t<div class=\"elementor-widget-container\">\n\t\t\t<style>\/*! elementor - v3.13.3 - 28-05-2023 *\/\n.elementor-column .elementor-spacer-inner{height:var(--spacer-size)}.e-con{--container-widget-width:100%}.e-con-inner>.elementor-widget-spacer,.e-con>.elementor-widget-spacer{width:var(--container-widget-width,var(--spacer-size));--align-self:var(--container-widget-align-self,initial);--flex-shrink:0}.e-con-inner>.elementor-widget-spacer>.elementor-widget-container,.e-con-inner>.elementor-widget-spacer>.elementor-widget-container>.elementor-spacer,.e-con>.elementor-widget-spacer>.elementor-widget-container,.e-con>.elementor-widget-spacer>.elementor-widget-container>.elementor-spacer{height:100%}.e-con-inner>.elementor-widget-spacer>.elementor-widget-container>.elementor-spacer>.elementor-spacer-inner,.e-con>.elementor-widget-spacer>.elementor-widget-container>.elementor-spacer>.elementor-spacer-inner{height:var(--container-widget-height,var(--spacer-size))}<\/style>\t\t<div class=\"elementor-spacer\">\n\t\t\t<div class=\"elementor-spacer-inner\"><\/div>\n\t\t<\/div>\n\t\t\t\t<\/div>\n\t\t\t\t<\/div>\n\t\t\t\t\t<\/div>\n\t\t\t\t<\/div>\n\t\t<div class=\"elementor-element elementor-element-d5489f3 e-con-full e-flex e-con\" data-id=\"d5489f3\" data-element_type=\"container\" data-settings=\"{&quot;content_width&quot;:&quot;full&quot;}\">\n\t\t\t\t<div class=\"elementor-element elementor-element-26612f7 elementor-widget elementor-widget-heading\" data-id=\"26612f7\" data-element_type=\"widget\" data-widget_type=\"heading.default\">\n\t\t\t\t<div class=\"elementor-widget-container\">\n\t\t\t<style>\/*! elementor - v3.13.3 - 28-05-2023 *\/\n.elementor-heading-title{padding:0;margin:0;line-height:1}.elementor-widget-heading .elementor-heading-title[class*=elementor-size-]>a{color:inherit;font-size:inherit;line-height:inherit}.elementor-widget-heading .elementor-heading-title.elementor-size-small{font-size:15px}.elementor-widget-heading .elementor-heading-title.elementor-size-medium{font-size:19px}.elementor-widget-heading .elementor-heading-title.elementor-size-large{font-size:29px}.elementor-widget-heading .elementor-heading-title.elementor-size-xl{font-size:39px}.elementor-widget-heading .elementor-heading-title.elementor-size-xxl{font-size:59px}<\/style><h2 class=\"elementor-heading-title elementor-size-default\">Schauen<\/h2>\t\t<\/div>\n\t\t\t\t<\/div>\n\t\t\t\t<div class=\"elementor-element elementor-element-a764e02 elementor-widget elementor-widget-text-editor\" data-id=\"a764e02\" data-element_type=\"widget\" data-widget_type=\"text-editor.default\">\n\t\t\t\t<div class=\"elementor-widget-container\">\n\t\t\t<style>\/*! elementor - v3.13.3 - 28-05-2023 *\/\n.elementor-widget-text-editor.elementor-drop-cap-view-stacked .elementor-drop-cap{background-color:#69727d;color:#fff}.elementor-widget-text-editor.elementor-drop-cap-view-framed .elementor-drop-cap{color:#69727d;border:3px solid;background-color:transparent}.elementor-widget-text-editor:not(.elementor-drop-cap-view-default) .elementor-drop-cap{margin-top:8px}.elementor-widget-text-editor:not(.elementor-drop-cap-view-default) .elementor-drop-cap-letter{width:1em;height:1em}.elementor-widget-text-editor .elementor-drop-cap{float:left;text-align:center;line-height:1;font-size:50px}.elementor-widget-text-editor .elementor-drop-cap-letter{display:inline-block}<\/style>\t\t\t\t\t\t\t\t\t\t<\/div>\n\t\t\t\t<\/div>\n\t\t\t\t<div class=\"elementor-element elementor-element-3ba42e5 elementor-widget elementor-widget-text-editor\" data-id=\"3ba42e5\" data-element_type=\"widget\" data-widget_type=\"text-editor.default\">\n\t\t\t\t<div class=\"elementor-widget-container\">\n\t\t\t\t\t\t\t<p><strong>An alle Mitglieder des Kaninchenz\u00fcchtervereins<\/strong><br \/><strong>I 101 Wardenburg und Umgebung e.V.<\/strong><br \/><strong>Einladung zur ordentlichen Jahreshauptversammlung<\/strong><br \/>Liebe Z\u00fcchterinnen und Z\u00fcchter,<br \/>hiermit lade ich satzungsgem\u00e4\u00df zur ordentlichen Jahreshauptversammlung ein,<br \/>welche am Mittwoch, den 04. 02. 2026, um 20:00 Uhr,<br \/>im Vereinslokal \u201eOberlether Krug\u201c, stattfindet.<br \/>Tagesordnung<br \/>I. Begr\u00fc\u00dfung<br \/>II. Protokollverlesung von der letzten Monatsversammlung<br \/>III. Aufnahme von neuen Mitgliedern<br \/>IV. Bericht des 1. Vorsitzenden<br \/>V. Protokollverlesung von der letzten Jahreshauptversammlung<br \/>(Antrag auf Verzicht, da im M\u00e4rz 2025 verlesen!)<br \/>VI. Jahresberichte:<br \/>a) des Vorsitzenden<br \/>b) des Kassenwartes<br \/>c) der KassenrevisorenInnen<br \/>d) der Zuchtbuchf\u00fchrerin<br \/>e) der T\u00e4tomeister<br \/>f) des Zuchtwerbewartes<br \/>g) der Jugendwartin<br \/>VII. Aussprache zu den Berichten<br \/>VIII. Entlastung des Vorstandes<br \/>IX. Wahlen:<br \/>Wahl eines\/einer Schriftf\u00fchrer\/in f\u00fcr 1 Jahre<br \/>Wahl eines Kassierers\/in f\u00fcr 1 Jahr<br \/>sowie ein\/e Kassenpr\u00fcfer\/in.<br \/>X. Antr\u00e4ge zur JHV k\u00f6nnen beim 1. Vorsitzenden bis zum 27.01.2026 eingereicht<br \/>werden.<br \/>XI. Anfragen und Anregungen \u2013<br \/>z. B. f\u00fcr das Jahresprogramm 2026 &#8211; Anregungen und W\u00fcnsche zu den Planungen,<br \/>Vorhaben und Veranstaltungen usw. nehmen wir noch gerne entgegen.<br \/>Mit freundlichem Z\u00fcchtergru\u00df<br \/>Euer<br \/><strong>Klaus Martens<br \/>1. Vorsitzender<\/strong><\/p>\t\t\t\t\t\t<\/div>\n\t\t\t\t<\/div>\n\t\t\t\t<div class=\"elementor-element elementor-element-cfd685d elementor-widget elementor-widget-text-editor\" data-id=\"cfd685d\" data-element_type=\"widget\" data-widget_type=\"text-editor.default\">\n\t\t\t\t<div class=\"elementor-widget-container\">\n\t\t\t\t\t\t\t<p><strong>5 Deutsche Meister- und 1 Vizemeistertitel f\u00fcr Wardenburger Kaninchenz\u00fcchter<\/strong><\/p><p>Mit einigen super guten Ergebnissen kehrten die Wardenburger Kaninchenz\u00fcchter von der 37. Bundeskaninchenschau, die am 20\/21.12. 25 in Karlsruhe stattfand, zur\u00fcck.<br \/>Mit 5 Ausstellern und 56 Kaninchen in 10 verschiedenen Rassen nahmen die Wardenburger an der mit 19.000 Tieren beschicken Ausstellung teil.<br \/><strong>Deutscher Jugendmeister wurde Lucas Meyburg mit seinen Zwergwiddern wei\u00df Rotaugen<\/strong>. In seinen zwei Zuchtgruppen (ZGr.) befanden sich 5 Tiere mit dem Pr\u00e4dikat vorz\u00fcglich (v), davon zwei mit 97,5 Pkt. Eins davon wurde zum Bundessieger der Jugend gek\u00fcrt, es gab eine Medaille des Zentralverbandes der Deutschen Rassekaninchenz\u00fcchter (ZDRKE) und vier Ehrenpreise (E). Lucas bekam als besondere Auszeichnung f\u00fcr die h\u00f6chstbewertete ZGr. einen Ehrenpreis (E) des Ministeriums f\u00fcr L\u00e4ndlichen Raum und Verbraucherschutz Baden \u2013 W\u00fcrtenberg. F\u00fcr seine zweite Rasse, den ZwW wildfarbig, bekam er einen Landesverbandsehrenpreis (LVE).<br \/>Steffen Borchers war mit seinen Farbenzwergen (Fbzw) in 3 Farbenschl\u00e4gen vertreten. Mit seinen roten, havannasilbernen und wei\u00dfgrannen-schwarz-farbigen Zwergen erzielte er hervorragende und sehr gute Ergebnisse und erhielt ebenfalls einen LVE.<\/p><p>Stefan Meyburg konnte mit seinen 8 Sachsengoldkaninchen, dreimal das Pr\u00e4dikat vorz\u00fcglich erreichen und in der stark besetzen Konkurrenz den Titel Deutscher Meister erringen. Er stellte in der Rasse den Bundessieger mit 97,5 Pkt. und bekam f\u00fcr seine zweite ZGr. einen ZDRKE. Den Titel Deutscher Meister erreichte der Z\u00fcchter auch mit seiner zweiten Rasse, den Zwergwiddern marderfarbig blau, die mit 4 x hervorragend (hv) bewertet wurden.<br \/>Werner Borchers beschickte die Schau mit einer Zuchtgruppe Fbzw. marderfarbig braun. Diese wurden mit 2 x hv und 2 x sg bewertet und so errang der Z\u00fcchter mit ihnen den Deutschen Meistertitel.<\/p><p>Klaus Elberfeld hatte vier ZGr gemeldet. Die ZwW havannafarbig wurden mit 4 x hv bewertet und das reichte f\u00fcr den Titel Deutscher Vizemeister. F\u00fcr die zweite ZGr bekam er einen ZDRKE. Mit seiner zweiten Rasse, den ZwW marderfbg braun errang er den Titel Deutscher Meister, denn diese wurden mit 2 x v, 1 x hv und 1x sg bewertet. Die zweite ZGr. mit einem 97 Pkte Tier, erreichte einen besonderen Ehrenpreis.<br \/>Die Wardenburger Rassekaninchenz\u00fcchter und die Z\u00fcchter aus dem gesamten Landesverband Weser-Ems freuen sich nun auf die Landesverbandskaninchenausstellung, die bereits am 17\/18. 01. 2026 in der Eventhalle Urban, in W\u00fcsting, stattfindet.<br \/>Das Zuchtjahr 2026 kann dann aktiv mit der neuen Zuchtsaison beginnen. Einige neue Zuchttiere, auch neue Z\u00fcchter und Rassen sind dabei, wurden inzwischen eingestallt.<\/p>\t\t\t\t\t\t<\/div>\n\t\t\t\t<\/div>\n\t\t\t\t<div class=\"elementor-element elementor-element-1f829f0 elementor-widget elementor-widget-text-editor\" data-id=\"1f829f0\" data-element_type=\"widget\" data-widget_type=\"text-editor.default\">\n\t\t\t\t<div class=\"elementor-widget-container\">\n\t\t\t\t\t\t\t\t\t\t\t\t\t<\/div>\n\t\t\t\t<\/div>\n\t\t\t\t<div class=\"elementor-element elementor-element-ffcc6d9 elementor-widget elementor-widget-heading\" data-id=\"ffcc6d9\" data-element_type=\"widget\" data-widget_type=\"heading.default\">\n\t\t\t\t<div class=\"elementor-widget-container\">\n\t\t\t<h2 class=\"elementor-heading-title elementor-size-medium\">Bundessiegertiere zum Abschluss der Ausstellungssaison\nMit sehr guten Ergebnissen kehrten die Wardenburger Kaninchenz\u00fcchter von der 28.\nBundes- Rammlerschau, die am 25\/26. 01. 2025 in Magdeburg stattfand, zur\u00fcck.\nMit 4 Ausstellern und 22 Kaninchen in 7 verschiedenen Rassen nahmen die\nWardenburger an der mit 8.255 Tieren beschicken Ausstellung teil.\nCara und Lucas Meyburg stellten mit ihren Zwergwiddern wei\u00df Rotaugen, die mit\nhervorragend und vorz\u00fcglich bewertet wurden (3x 97,5 Punkte) ein Bundessiegertier\nund wurden weiterhin mit einer Medaille des Zentralverbandes der Deutschen\nRassekaninchenz\u00fcchter (ZDRKE) geehrt.\nStefan Meyburg konnte mit seinen Sachsengoldkaninchen, dreimal das Pr\u00e4dikat\nhervorragend und zweimal vorz\u00fcglich erringen und bekam als Anerkennung neben\neiner ZDRKE Medaille einen Sachehrenpreis der Landesverb\u00e4nde (SLVE) Einen\nBundessieger stellte er mit seiner zweiten Rasse, den Zwergwiddern marderfarbig\nblau und vorz\u00fcglichen 97,5 Punkten.\nWerner Borchers beschickte die Schau mit der Rasse Wei\u00dfgrannen schwarz und\nKlaus Elberfeld mit Zwergwiddern havannafarbig braun. Sie erreichten mit sehr\nguten und hervorragend bewerteten Tieren sehr gute Ergebnisse.\nDie Zuchtsaison 2025 kann nun aktiv mit der neuen Zucht beginnen. Einige neue\nZuchttiere aus verschiedenen Rassen wurden eingestallt und auch neue Z\u00fcchter sind\ndabei. Die Wardenburger Kaninchenz\u00fcchter freuen sich nun auf ihre in den\nHerbstferien 2025 stattfindende Vereinsmeisterschaft im Rahmen einer Ortsschau.<\/h2>\t\t<\/div>\n\t\t\t\t<\/div>\n\t\t\t\t<div class=\"elementor-element elementor-element-2303932 elementor-widget elementor-widget-image\" data-id=\"2303932\" data-element_type=\"widget\" data-widget_type=\"image.default\">\n\t\t\t\t<div class=\"elementor-widget-container\">\n\t\t\t<style>\/*! elementor - v3.13.3 - 28-05-2023 *\/\n.elementor-widget-image{text-align:center}.elementor-widget-image a{display:inline-block}.elementor-widget-image a img[src$=\".svg\"]{width:48px}.elementor-widget-image img{vertical-align:middle;display:inline-block}<\/style>\t\t\t\t\t\t\t\t\t\t\t\t<img loading=\"lazy\" decoding=\"async\" width=\"1024\" height=\"768\" src=\"https:\/\/i101.de\/wp-content\/uploads\/2025\/03\/Cara-Lucas-u-Stefan-Meyburg-mit-den-ihren-Bundessieger-Tieren-1024x768.jpg\" class=\"attachment-large size-large wp-image-535\" alt=\"\" srcset=\"https:\/\/i101.de\/wp-content\/uploads\/2025\/03\/Cara-Lucas-u-Stefan-Meyburg-mit-den-ihren-Bundessieger-Tieren-1024x768.jpg 1024w, https:\/\/i101.de\/wp-content\/uploads\/2025\/03\/Cara-Lucas-u-Stefan-Meyburg-mit-den-ihren-Bundessieger-Tieren-300x225.jpg 300w, https:\/\/i101.de\/wp-content\/uploads\/2025\/03\/Cara-Lucas-u-Stefan-Meyburg-mit-den-ihren-Bundessieger-Tieren-768x576.jpg 768w, https:\/\/i101.de\/wp-content\/uploads\/2025\/03\/Cara-Lucas-u-Stefan-Meyburg-mit-den-ihren-Bundessieger-Tieren-1536x1152.jpg 1536w, https:\/\/i101.de\/wp-content\/uploads\/2025\/03\/Cara-Lucas-u-Stefan-Meyburg-mit-den-ihren-Bundessieger-Tieren.jpg 1600w\" sizes=\"auto, (max-width: 1024px) 100vw, 1024px\" \/>\t\t\t\t\t\t\t\t\t\t\t\t\t\t\t<\/div>\n\t\t\t\t<\/div>\n\t\t\t\t<div class=\"elementor-element elementor-element-ce0c62f elementor-widget elementor-widget-text-editor\" data-id=\"ce0c62f\" data-element_type=\"widget\" data-widget_type=\"text-editor.default\">\n\t\t\t\t<div class=\"elementor-widget-container\">\n\t\t\t\t\t\t\t<p><strong>Wardenburger Kaninchenz\u00fcchter gewinnen die Kreisvereinsmeisterschaft der Jugend<\/strong><br \/><strong>und der Senioren und stellen 22 Kreismeister- sowie 3 Jugendkreismeister<\/strong><\/p><p>So viele herausragende Auszeichnungen haben die Wardenburger Kaninchenz\u00fcchter<br \/>bisher noch nicht erreicht. Auf der gemeinsam veranstalteten Kreisverbandschau der<br \/>Kreisverb\u00e4nde Oldenburg \u2013 Nord und Oldenburg M\u00fcnsterland mit der<br \/>angeschlossenen Landesclubschau Weser-Ems, die am 08. und 09. 11. 24 auf dem<br \/>Seminarhof von Dr. Harald Cordes in Oberlethe veranstaltet wurde, haben die<br \/>Wardenburger Kaninchenz\u00fcchter viele Auszeichnungen erhalten.<br \/>Von den 707 ausgestellten Kaninchen kamen 179 aus Wardenburger St\u00e4llen.<br \/>8 Jugendliche und 18 Senioren vom Wardenburger Kaninchenz\u00fcchterverein<br \/>beteiligten sich an der Schau. Klassenkreismeister der Klasse III wurden Steffen<br \/>Borchers mit seinen Farbenzwergen wei\u00dfgrannenfarbig schwarz, Klasse IV Stefan<br \/>Meyburg mit Sachsengold und Klasse V Arne Erlach mit Satin hasenfarbig.<br \/>Jugendklassenkreismeister wurden Cara und Lucas Meyburg gleich doppelt mit<br \/>Zwergwidder wei\u00df RA und Zwergwidder wildfarben sowie Zoe Maiaroli mit<br \/>Zwergwidder siamfarbig gelb.<br \/>Die beste Gesamtleistung der Kreisschau erreichten Cara und Lucas Meyburg, die<br \/>zweitbeste Stefan Meyburg und die sechsbeste Horst Staab mit Blauen Wienern. Bei<br \/>der Gesamtleistung gehen jeweils 8 Tiere eines Ausstellers in die Wertung.<br \/>Die Jugendlichen Catarina Frahmann, 2 x Cara und Lucas Meyburg sowie Zoe<br \/>Maiaroli wurden Jugendkreismeister und konnten sch\u00f6ne Ehrenpreise erringen.<br \/>Bei den Senioren wurden Horst Staab, Werner Borchers, 2 x Volker G\u00f6ttsche, J\u00fcrgen<br \/>Frahmann, Walter Borchers, 2 x Stefan Meyburg, Klaus Elberfeld, Hans-G\u00fcnther<br \/>Steenken, Heiko Edzards, Heinz Martens, 2 x Vanessa Witt, Silke Erlach, Arne<br \/>Erlach und 5 x Steffen Borchers Kreismeister mit ihren verschiedenen Rassen.<br \/>Geehrt wurden diese Z\u00fcchter jeweils mit einer Urkunde, einem Pr\u00e4sent sowie mit<br \/>Landes- und Kreisverbandsehrenpreisen. (LVE u. KVE)<br \/>Die Jungz\u00fcchter\/in Emily Porsch, Lea u. Lucia Piklaps sowie Marek Friedritz stellten<br \/>jeweils einige mit sehr gut bewertete Kaninchen der Rassen Rh\u00f6n-, Salander- und<br \/>Havanna Kaninchen aus und erhielten Ehrenpreise.<br \/>Die Z\u00fcchterin Lisa von Fritsch erreichte mit ihren blaugrauen Wienerkaninchen 2 x<br \/>ein sehr gut, was auch Jan Hemme gleich 4 x gelang. Ursula Sch\u00e4fer stellte 2 Tiere<br \/>mit der Bewertungsnote vorz\u00fcglich aus und erhielt einen KVE. Ebenfalls einen KVE<br \/>erhielt Alina Lueken f\u00fcr ihre Zwergwidder marderfarbig braun. Das Siegertier der<br \/>Schau stellte Stefan Meyburg mit einem Rammler der Rasse Sachsengold mit der<br \/>Wertungsnote vorz\u00fcglich und 98 Punkten.<br \/>Einige Z\u00fcchter, die in verschiedenen Spezialclubs organisiert sind, wurden zus\u00e4tzlich<br \/>mit Landesclubmeister Urkunden ausgezeichnet. Dieses sind Horst Staab, Walter Borchers, Stefan Meyburg, Klaus Elberfeld und Steffen Borchers, der auch ein mit<br \/>vorz\u00fcglich und 98 Punkten bewertetes Zwergkaninchen des Farbenschlages<br \/>wei\u00dfgrannenfarbig schwarz ausstellte und einen LVE erhielt.<br \/>Ein H\u00f6hepunkt bei den Ehrungen war die Vergabe der insgesamt 7 Medaillen. Hier<br \/>lag Steffen Borchers an der Spitze und erhielt die Medaille des Nieders\u00e4chsischen<br \/>Ministeriums f\u00fcr Ern\u00e4hrung, Landwirtschaft und Verbraucherschutz f\u00fcr seine<br \/>Zuchtgruppe Farbenzwerge wei\u00dfgrannenfarbig schwarz, die 388,5 Punkte erreichten.<br \/>Mit der gleichen Punktzahl erreichte Stefan Meyburg mit seinen<br \/>Sachsengoldkaninchen den zweiten Platz und bekam die Clubmedaille des<br \/>Zentralverbandes Deutscher Rassekaninchenz\u00fcchter in Gold.<\/p>\t\t\t\t\t\t<\/div>\n\t\t\t\t<\/div>\n\t\t\t\t<div class=\"elementor-element elementor-element-b4541fc elementor-widget elementor-widget-spacer\" data-id=\"b4541fc\" data-element_type=\"widget\" data-widget_type=\"spacer.default\">\n\t\t\t\t<div class=\"elementor-widget-container\">\n\t\t\t\t\t<div class=\"elementor-spacer\">\n\t\t\t<div class=\"elementor-spacer-inner\"><\/div>\n\t\t<\/div>\n\t\t\t\t<\/div>\n\t\t\t\t<\/div>\n\t\t\t\t<div class=\"elementor-element elementor-element-1c96abc elementor-widget elementor-widget-heading\" data-id=\"1c96abc\" data-element_type=\"widget\" data-widget_type=\"heading.default\">\n\t\t\t\t<div class=\"elementor-widget-container\">\n\t\t\t<h2 class=\"elementor-heading-title elementor-size-default\">Kreisverbandschauen \/ Landesclubsch 2024 in Wardenburg\n\n<\/h2>\t\t<\/div>\n\t\t\t\t<\/div>\n\t\t\t\t<div class=\"elementor-element elementor-element-27d0c1d elementor-widget elementor-widget-text-editor\" data-id=\"27d0c1d\" data-element_type=\"widget\" data-widget_type=\"text-editor.default\">\n\t\t\t\t<div class=\"elementor-widget-container\">\n\t\t\t\t\t\t\t<p><strong>Kreismeister Kreisverband Oldenburg M\u00fcnsterland<\/strong> <br \/><br \/><br \/>Hammersen, Josef Helle Gro\u00dfsilber 386,5 Pkt <br \/>Bohlsen , Tobias Deutsche Gro\u00dfsilber gelb 382,0 Pkt <br \/>Langfermann, Helmut Mecklenburger Schecken <br \/>schwarz-wei\u00df 386,0 Pkt <br \/>ZGM Marischen Blaue Wiener 386,5 Pkt <br \/>M\u00fcller, Kurt Alaska 386,5 Pkt <br \/>Olliges, Helga Separator 384,0 Pkt <br \/>Robbers, Stefan Deutsche Kleinwidder wildfarben 384,5 Pkt <br \/>Rickermann, Thomas Kleinchinchilla 388,5 Pkt <br \/>Rickermann, Thomas Deilenaar 388,0 Pkt <br \/>Steenhoff, Gerrit Sachsengold 385,5 Pkt <br \/>Hammersen, Josef Kleinsilber blau 381,5 Pkt <br \/>Thyen, Hubert Kleinsilber gelb 383,0 Pkt <br \/>Hammersen, Josef Kleinsilber graubraun 387,0 Pkt <br \/>G\u00f6tting, Erwin Englische Schecken schwarz-wei\u00df 384,0 Pkt <br \/>Steenhoff, Gerrit Schwarzgrannen 388,5 Pkt <br \/>Rickermann, Thomas Zwergwidder wildfarben 386,5 Pkt <br \/>Behnke, Karl-Heinz Zwergwidder rot 384,0 Pkt <br \/>Elberfeld, Klaus Zwergwidder havannafarbig 385,5 Pkt <br \/>Macke, Michael Zwergwidder havannafarbig-wei\u00df 385,0 Pkt <br \/>Bergfeld, Heike Farbenzwerge havannafarbig 387,5 Pkt <br \/>Osterkamp, Hubert Farbenzwerge rot 386,5 Pkt <br \/>Brinker, Irmgard Farbenzwerge hototfarbig 386,0 Pkt <\/p>\t\t\t\t\t\t<\/div>\n\t\t\t\t<\/div>\n\t\t\t\t<div class=\"elementor-element elementor-element-c19989c elementor-widget elementor-widget-heading\" data-id=\"c19989c\" data-element_type=\"widget\" data-widget_type=\"heading.default\">\n\t\t\t\t<div class=\"elementor-widget-container\">\n\t\t\t<h2 class=\"elementor-heading-title elementor-size-default\">Tieschbewertung 2024<\/h2>\t\t<\/div>\n\t\t\t\t<\/div>\n\t\t\t\t<div class=\"elementor-element elementor-element-bf02174 elementor-widget elementor-widget-text-editor\" data-id=\"bf02174\" data-element_type=\"widget\" data-widget_type=\"text-editor.default\">\n\t\t\t\t<div class=\"elementor-widget-container\">\n\t\t\t\t\t\t\t<p><strong>Preisverteilung Senioren<\/strong><\/p><p><br \/><em><strong>Vereinsmeister Kl III<\/strong><\/em><\/p><p>Werner Borchers Wei\u00dfgrannen schwarz 386,5 Pkt.<\/p><p><em><strong>Vereinsmeister Kl IV<\/strong><\/em><\/p><p>Stefan Meyburg Sachsengold 388,5 Pkt <br \/>. <br \/><em><strong>Vereinmeister Kl VII<\/strong><\/em><\/p><p>Silke Erlach Satin Th\u00fcringerfarbig 386,5 Pkt.<\/p><p><em><strong>Beste Zuchtgruppe II<\/strong><\/em><\/p><p>Stefan Meyburg Zwergwidder Th\u00fcringerfarbig 385,0 Pkt.<\/p><p><em><strong>Beste Zucht Gruppe III<\/strong><\/em><\/p><p>Stefan Meyburg Sachsengold 386,5 Pkt.<\/p><p><em><strong>Beste Jungtiergruppe<\/strong><\/em><\/p><p>Volker G\u00f6ttsche Kleinchinchilla 32\/26 Pkt.<\/p><p><em><strong>Bestes Tier<\/strong><\/em><\/p><p>Stefan Meyburg Sachsengold 97,5 Pkt.<\/p><p><em><strong>Landesverbandsehrenpreise<\/strong><\/em><\/p><p>Walter Borcher DKlW dunkelgrau-wei\u00df 97,0 Pkt.<\/p><p>Silke Erlach Satin Th\u00fcringerfarbig 97,0 Pkt.<\/p><p><em><strong>Kreisverbandsehrenpreis<\/strong><\/em><\/p><p>Klaus Eberfeld Zwergwidder havannafarbig 97,0 Pkt.<\/p><p>Werner Borchers Wei\u00dfgrannen schwarz 97,0 Pkt.<\/p>\t\t\t\t\t\t<\/div>\n\t\t\t\t<\/div>\n\t\t\t\t<div class=\"elementor-element elementor-element-ad26c30 elementor-widget elementor-widget-image\" data-id=\"ad26c30\" data-element_type=\"widget\" data-widget_type=\"image.default\">\n\t\t\t\t<div class=\"elementor-widget-container\">\n\t\t\t\t\t\t\t\t\t\t\t\t<figure class=\"wp-caption\">\n\t\t\t\t\t\t\t\t\t\t<img loading=\"lazy\" decoding=\"async\" width=\"237\" height=\"300\" src=\"https:\/\/i101.de\/wp-content\/uploads\/2024\/10\/d2589aeb-ce6f-48ff-8473-0ad6d2dd07ff-237x300.jpg\" class=\"attachment-medium size-medium wp-image-473\" alt=\"\" srcset=\"https:\/\/i101.de\/wp-content\/uploads\/2024\/10\/d2589aeb-ce6f-48ff-8473-0ad6d2dd07ff-237x300.jpg 237w, https:\/\/i101.de\/wp-content\/uploads\/2024\/10\/d2589aeb-ce6f-48ff-8473-0ad6d2dd07ff-810x1024.jpg 810w, https:\/\/i101.de\/wp-content\/uploads\/2024\/10\/d2589aeb-ce6f-48ff-8473-0ad6d2dd07ff-768x971.jpg 768w, https:\/\/i101.de\/wp-content\/uploads\/2024\/10\/d2589aeb-ce6f-48ff-8473-0ad6d2dd07ff.jpg 1155w\" sizes=\"auto, (max-width: 237px) 100vw, 237px\" \/>\t\t\t\t\t\t\t\t\t\t\t<figcaption class=\"widget-image-caption wp-caption-text\">Tischbewertung 2024<\/figcaption>\n\t\t\t\t\t\t\t\t\t\t<\/figure>\n\t\t\t\t\t\t\t\t\t<\/div>\n\t\t\t\t<\/div>\n\t\t\t\t<div class=\"elementor-element elementor-element-732f955 elementor-widget elementor-widget-spacer\" data-id=\"732f955\" data-element_type=\"widget\" data-widget_type=\"spacer.default\">\n\t\t\t\t<div class=\"elementor-widget-container\">\n\t\t\t\t\t<div class=\"elementor-spacer\">\n\t\t\t<div class=\"elementor-spacer-inner\"><\/div>\n\t\t<\/div>\n\t\t\t\t<\/div>\n\t\t\t\t<\/div>\n\t\t\t\t<div class=\"elementor-element elementor-element-4288814 elementor-widget elementor-widget-image\" data-id=\"4288814\" data-element_type=\"widget\" data-widget_type=\"image.default\">\n\t\t\t\t<div class=\"elementor-widget-container\">\n\t\t\t\t\t\t\t\t\t\t\t\t\t\t\t<img loading=\"lazy\" decoding=\"async\" width=\"768\" height=\"1120\" src=\"https:\/\/i101.de\/wp-content\/uploads\/2024\/09\/227c7ee6-7ccb-402f-82ac-0602d704852b-768x1120.jpg\" class=\"attachment-medium_large size-medium_large wp-image-386\" alt=\"\" srcset=\"https:\/\/i101.de\/wp-content\/uploads\/2024\/09\/227c7ee6-7ccb-402f-82ac-0602d704852b-768x1120.jpg 768w, https:\/\/i101.de\/wp-content\/uploads\/2024\/09\/227c7ee6-7ccb-402f-82ac-0602d704852b-206x300.jpg 206w, https:\/\/i101.de\/wp-content\/uploads\/2024\/09\/227c7ee6-7ccb-402f-82ac-0602d704852b-702x1024.jpg 702w, https:\/\/i101.de\/wp-content\/uploads\/2024\/09\/227c7ee6-7ccb-402f-82ac-0602d704852b-1053x1536.jpg 1053w, https:\/\/i101.de\/wp-content\/uploads\/2024\/09\/227c7ee6-7ccb-402f-82ac-0602d704852b.jpg 1097w\" sizes=\"auto, (max-width: 768px) 100vw, 768px\" \/>\t\t\t\t\t\t\t\t\t\t\t\t\t\t\t<\/div>\n\t\t\t\t<\/div>\n\t\t\t\t<\/div>\n\t\t<div class=\"elementor-element elementor-element-5b63e8a e-con-boxed e-flex e-con\" data-id=\"5b63e8a\" data-element_type=\"container\" data-settings=\"{&quot;content_width&quot;:&quot;boxed&quot;}\">\n\t\t\t\t\t<div class=\"e-con-inner\">\n\t\t\t\t<div class=\"elementor-element elementor-element-74351b9 elementor-widget elementor-widget-heading\" data-id=\"74351b9\" data-element_type=\"widget\" data-widget_type=\"heading.default\">\n\t\t\t\t<div class=\"elementor-widget-container\">\n\t\t\t<h2 class=\"elementor-heading-title elementor-size-small\">27. Ortsschau Wardenburg 2023<\/h2>\t\t<\/div>\n\t\t\t\t<\/div>\n\t\t\t\t\t<\/div>\n\t\t\t\t<\/div>\n\t\t<div class=\"elementor-element elementor-element-a8817be e-con-boxed e-flex e-con\" data-id=\"a8817be\" data-element_type=\"container\" data-settings=\"{&quot;content_width&quot;:&quot;boxed&quot;}\">\n\t\t\t\t\t<div class=\"e-con-inner\">\n\t\t<div class=\"elementor-element elementor-element-aad2d91 e-con-full e-flex e-con\" data-id=\"aad2d91\" data-element_type=\"container\" data-settings=\"{&quot;content_width&quot;:&quot;full&quot;}\">\n\t\t\t\t<div class=\"elementor-element elementor-element-70c2401 elementor-widget elementor-widget-heading\" data-id=\"70c2401\" data-element_type=\"widget\" data-widget_type=\"heading.default\">\n\t\t\t\t<div class=\"elementor-widget-container\">\n\t\t\t<h2 class=\"elementor-heading-title elementor-size-small\">Preistr\u00e4ger der Schau \u2013 Senioren\n\nVereinsmeister KL III<br>\n\nStefan Meyburg\t\t      ZwW marderfarbig blau\t\t\t  386,0 Pkt.<br>\nVereinsmeister KL IV <br>\n\nStefan Meyburg\t                \tSachsengold  \t\t\t\t  388,0 Pkt.<br>\nVereinsmeister KL V <br>\n\nArne Erlach\t\t\t        Satin hasenfarbig\t\t\t\t   383,5 Pkt.<br>\nBeste Zuchtgruppe  II <br>\n\nWerner Borchers \t\t  Wei\u00dfgrannen schwarz\t  \t             385,0 Pkt.<br>\nBeste Zuchtgruppe  III <br>\n\nStefan Meyburg\t\t          Sachsengold  \t\t\t\t  386,0 Pkt.<br>\nBeste Jungtiergruppe<br>\n\nJ\u00fcrgen Frahmann\t\t    DKW wildfarbig\t\t\t32\/25 Pkt.<br>\nBestes Tier der Senioren<br>\n\nStefan Meyburg\t\t\t        Sachsengold  \t\t\t 97,5 Pkt.<br>\nLandesverbandsehrenpreis<br>\n\n\nWerner Borchers\t      Farbenzwerge marderfarbig braun\t 97,0 Pkt<br>\nHeinz Martens\t\t\t KlSilber Schwarz\t\t\t97,0 Pkt.<br>\nAlina K\u00fchl\t\t\tL\u00f6wenk\u00f6pfchen r\u00f6hnfarbig\t\t97,0 Pkt.<br>\nKreisverbandsehrenpreis<br>\n\nWerner Borchers \t\t  Wei\u00dfgrannen schwarz\t  \t             97,0 Pkt.<br>\nStefan Meyburg\t\t\t       Sachsengold  \t\t\t 97,0 Pkt.<br>\nStefan Meyburg\t\tZwW marderfarbig blau\t\t\t 97,0 Pkt.<br><\/h2>\t\t<\/div>\n\t\t\t\t<\/div>\n\t\t\t\t<\/div>\n\t\t<div class=\"elementor-element elementor-element-9f7f7b3 e-con-full e-flex e-con\" data-id=\"9f7f7b3\" data-element_type=\"container\" data-settings=\"{&quot;content_width&quot;:&quot;full&quot;}\">\n\t\t\t\t<div class=\"elementor-element elementor-element-2a22678 elementor-widget elementor-widget-heading\" data-id=\"2a22678\" data-element_type=\"widget\" data-widget_type=\"heading.default\">\n\t\t\t\t<div class=\"elementor-widget-container\">\n\t\t\t<h2 class=\"elementor-heading-title elementor-size-small\">Preistr\u00e4ger der Schau \u2013 Jugend\n\nVereinsmeister Kl III  Jugend<br>\n\nEmily Porsch \t\t                     Rh\u00f6nkaninchen\t\t          383,5  Pkt.<br>\n\nVereinsmeister Kl IV  Jugend<br>\n\nCatarina Frahmann\t\t       Schwarzgrannen\t\t                384,5 Pkt.\n\n<br>\t \n  Bestes Tier der Jugend<br>\n\nCara &amp; Lucas Meyburg    \t             ZwW wei\u00df RA\t                       97,5  Pkt.<br>\n\n\n  \t   Beste Jungtiergruppe<br>\n\nResa Blum                    \t   \t\t  Perlfeh \t   \t                          32\/25 Pkt.<br>\n\n  \t   Beste Zuchtgruppe II<br>\n\nCara &amp; Lucas Meyburg\t                       ZwW wei\u00df RA\t\t   387,5  Pkt<br>.\n\n    \t\tBeste Zuchtegruppe III<br>\n\nCara &amp; Lucas Meyburg\t                      ZwW wei\u00df RA       \t  \t   387,0 Pkt.<br>\n\n\t\t\t   Landesverbandsehrenpreis<br>\n\nCara &amp; Lucas Meyburg\t          \t         ZwW wei\u00df RA\t\t   97,0 Pkt.<br>\n\n\t\t\t Kreisverbandsehrenprei<br>\n\nCara &amp; Lucas Meyburg\t                        ZwW wei\u00df RA\t\t    97,0  Pkt.\n\n\n\t        Gesamtleistungen\n\n\nCara &amp; Lucas Meyburg\t                ZwW wei\u00df RA\t\t485,5 Pkt. %97,10 Pkt.\n\n<br>Stefan Meyburg\t\t                        Sachsengold                 484,5 Pkt. % 96,50 Pkt. \n\n<br>Heinz Martens\t\t\t           Kl Silber Schwarz              483,0 Pkt. %96,60 Pkt.\n\n<\/h2>\t\t<\/div>\n\t\t\t\t<\/div>\n\t\t\t\t<\/div>\n\t\t\t\t\t<\/div>\n\t\t\t\t<\/div>\n\t\t<div class=\"elementor-element elementor-element-5e90e4b e-con-boxed e-flex e-con\" data-id=\"5e90e4b\" data-element_type=\"container\" data-settings=\"{&quot;content_width&quot;:&quot;boxed&quot;}\">\n\t\t\t\t\t<div class=\"e-con-inner\">\n\t\t\t\t<div class=\"elementor-element elementor-element-a9f6ce6 elementor-widget elementor-widget-text-editor\" data-id=\"a9f6ce6\" data-element_type=\"widget\" data-settings=\"{&quot;_animation&quot;:&quot;none&quot;}\" data-widget_type=\"text-editor.default\">\n\t\t\t\t<div class=\"elementor-widget-container\">\n\t\t\t\t\t\t\t<p><span style=\"text-decoration: underline;\"><strong>35. Bundeskaninchenschau, am 28\/29. 01. 23 in Kassel<\/strong><\/span><\/p><p>Vier Deutsche Meistertitel f\u00fcr Wardenburger Kaninchenz\u00fcchter<\/p><p>Mit einigen super guten Ergebnissen kehrten die Wardenburger Kaninchenz\u00fcchter von der 35. Bundeskaninchenschau, die am 28\/29. 01. 23 in Kassel stattfand, zur\u00fcck.<\/p><p>Mit 4 Ausstellern und 32 Kaninchen in 7 verschiedenen Rassen nahmen die Wardenburger an der mit 9.092 Tieren beschicken Ausstellung teil.<\/p><p>Bei der erstmals ausgetragenen Deutschen Vereinsmeisterschaft, zu der 104 Vereine aus ganz Deutschland die Teilnahme gemeldet hatten, \u00a0kamen die Wardenburger auf Platz 3. F\u00fcr diesen Wettbewerb mussten die Vereine vorab jeweils 16 Tiere aus ihrem Bestand benennen. Der Pr\u00e4sident des Zentralverbandes Deutscher Rassekaninchenz\u00fcchter sowie der Ausstellungsleiter \u00fcbereichten den Wardenburgern als besondere Anerkennung eine h\u00fcbsche Urkunde.<\/p><p>Deutsche Jugendmeister wurden Cara und Lucas Meyburg mit ihren Zwergwiddern wei\u00df Rotaugen. In ihrer Zuchtgruppe befanden sich 3 Tiere mit dem Pr\u00e4dikat vorz\u00fcglich und sie errangen einen Bundessieger und einen Klassensieger, somit zwei seltene Medaillen. Das Ergebnis von 388,0 Punkten erreichte nur noch eine weitere Z\u00fcchterin. Die Geschwister bekamen als besondere Auszeichnung einen Ehrenpreis des Landes Hessen in Bronce.<\/p><p>Steffen Borchers war \u00a0mit seinen Farbenzwergen in 3 Farbenschl\u00e4gen vertreten. Mit den havanna silbernen Zwergen wurde er Deutscher Meister. Mit den roten und den wei\u00dfgrannen havannafarbigen Zwergen erzielte er hervorragende Ergebnisse und erhielt zwei Sachehrenpreise.<\/p><p>Stefan Meyburg konnte mit seinen 8 Sachsengoldkaninchen, viermal das Pr\u00e4dikat vorz\u00fcglich erringen und in der stark besetzen Konkurrenz von 21 Zuchtgruppen einen Bundessieger stellen. Beide \u00a0Zuchtgruppen \u00fcberragten die Konkurrenz und eine Gruppe bekam den Titel des Bundesmeisters.\u00a0 Diesen Titel Bundesmeister\u00a0 erreichte der Z\u00fcchter ebenfalls mit seiner zweiten Rasse, den Zwergwiddern marderfarbig blau.<\/p><p>\u00a0Werner Borchers beschickte die Schau mit einer Zuchtgruppe Wei\u00dfgrannen schwarz. Auch hier war die Konkurrenz mit 70 ausgestellten Tieren recht gro\u00df. Eine mit 97,5 Punkten bewertete H\u00e4sin wurde Bundessiegerin. Die Zuchtgruppe bekam einen Sachehrenpreis.<\/p><p>Das Zuchtjahr 2023 kann nun aktiv mit der neuen Zuchtsaison beginnen. Einige neue Zuchttiere, auch neue Rassen sind dabei,\u00a0 wurden inzwischen eingestallt. Die Wardenburger Kaninchenz\u00fcchter freuen sich nun auf ihre in den Herbstferien 2023 stattfindende Vereinsschau.<\/p>\t\t\t\t\t\t<\/div>\n\t\t\t\t<\/div>\n\t\t\t\t\t<\/div>\n\t\t\t\t<\/div>\n\t\t<div class=\"elementor-element elementor-element-b199e37 e-con-boxed e-flex e-con\" data-id=\"b199e37\" data-element_type=\"container\" data-settings=\"{&quot;content_width&quot;:&quot;boxed&quot;}\">\n\t\t\t\t\t<div class=\"e-con-inner\">\n\t\t\t\t<div class=\"elementor-element elementor-element-fe1e080 elementor-widget__width-initial elementor-widget elementor-widget-image\" data-id=\"fe1e080\" data-element_type=\"widget\" data-widget_type=\"image.default\">\n\t\t\t\t<div class=\"elementor-widget-container\">\n\t\t\t\t\t\t\t\t\t\t\t\t\t\t\t<img loading=\"lazy\" decoding=\"async\" width=\"290\" height=\"192\" src=\"https:\/\/i101.de\/wp-content\/uploads\/2023\/04\/a5368bc3-40c7-42ca-a9db-df5e0a18c2ea.jpg\" class=\"attachment-full size-full wp-image-203\" alt=\"\" \/>\t\t\t\t\t\t\t\t\t\t\t\t\t\t\t<\/div>\n\t\t\t\t<\/div>\n\t\t<div class=\"elementor-element elementor-element-0a0e5c2 e-con-full e-flex e-con\" data-id=\"0a0e5c2\" data-element_type=\"container\" data-settings=\"{&quot;content_width&quot;:&quot;full&quot;}\">\n\t\t\t\t<div class=\"elementor-element elementor-element-1ba7078 elementor-widget__width-initial elementor-widget elementor-widget-image\" data-id=\"1ba7078\" data-element_type=\"widget\" data-widget_type=\"image.default\">\n\t\t\t\t<div class=\"elementor-widget-container\">\n\t\t\t\t\t\t\t\t\t\t\t\t\t\t\t<img loading=\"lazy\" decoding=\"async\" width=\"290\" height=\"192\" src=\"https:\/\/i101.de\/wp-content\/uploads\/2023\/04\/2a4b7891-d22c-42a2-a620-cce0e81b0408.jpg\" class=\"attachment-full size-full wp-image-205\" alt=\"\" \/>\t\t\t\t\t\t\t\t\t\t\t\t\t\t\t<\/div>\n\t\t\t\t<\/div>\n\t\t\t\t<\/div>\n\t\t\t\t\t<\/div>\n\t\t\t\t<\/div>\n\t\t<div class=\"elementor-element elementor-element-989d794 e-con-boxed e-flex e-con\" data-id=\"989d794\" data-element_type=\"container\" data-settings=\"{&quot;content_width&quot;:&quot;boxed&quot;}\">\n\t\t\t\t\t<div class=\"e-con-inner\">\n\t\t\t\t<div class=\"elementor-element elementor-element-45b7d80 elementor-widget elementor-widget-text-editor\" data-id=\"45b7d80\" data-element_type=\"widget\" data-widget_type=\"text-editor.default\">\n\t\t\t\t<div class=\"elementor-widget-container\">\n\t\t\t\t\t\t\t<p><span style=\"text-decoration: underline;\"><strong>Kreisschau 2022 <\/strong><\/span><\/p><p>Wardenburger Kaninchenz\u00fcchter gewinnen die Kreisvereinsmeisterschaft der Jugend und der Senioren und 16 Kreismeister- sowie 1 Jungtierkreismeister \u2013 Titel<\/p><div>\u00a0<\/div><div>Mit vielen herausragenden Auszeichnungen kehrten die Wardenburger Kaninchenz\u00fcchter von der im November in Delmenhorst durchgef\u00fchrten Kreisverbands \u2013 Kaninchenausstellung zur\u00fcck.<\/div><div>Von den 476 ausgestellten Kaninchen kamen 148 aus Wardenburger St\u00e4llen. 12 Jugendliche und 16 Senioren vom Wardenburger Kaninchenz\u00fcchterverein beteiligten sich an der Schau. Klassenkreismeister der Klasse II wurden Volker G\u00f6ttsche mit seinen Kleinschecken schwarz\/wei\u00df und in der Jugend Cara und Lucas Meyburg, Zwergwidder wei\u00df sowie Tilo Deye mit Rh\u00f6nkaninchen.<\/div><div>Jungtier-Klassenkreismeister wurden Lea und Lucia Piklaps ebenfalls mit Rh\u00f6nkaninchen.<\/div><div>Die 5 beste Gesamtleistung der Kreisschau erreichte Karin Staab mit Blauen Wienern. \u00a0Bei der Gesamtleistung gehen jeweils 8 Tiere eines Ausstellers in die Wertung.<\/div><div>Die Jugendlichen, Tilo Deye, Catarina Frahmann, Leonie Koberski und Marek Friedritz wurden Kreismeister und konnten mit Ehrenpreise erringen. Cara und Lucas Meyburg wurden ebenfalls Kreismeister, erzielten erneut das beste Ergebnis mit 388,0 Punkten und erhielten einen Landesverbandsehrenpreis. Einen Ehrenpreis erhielten auch die Jugendjungtierkreismeister, die Geschwister Lea und Lucia Piklaps. Renke Schmidt erreichte das gleiche, gute Ergebnis mit Mecklenburger Schecken schwarz\/wei\u00df und bekam einen Kreisverbandsehrenpreis. Die Tiere aus der Zuchtgruppe von Emily Porsch wurden \u00a0mit hervorragend und sehr gut bewertet. Ein Einzeltier bekam das Pr\u00e4dikat vorz\u00fcglich und eine Ehrenpreis. Einen 3. Ehrenpreis erhielten die Geschwister Enno und Julius Kettler f\u00fcr eine schicke Rh\u00f6nh\u00e4sin. Leonard Reents hatte eine Zwergwidder H\u00e4sin th\u00fcringerfarbig ausgestellt und erreichte ein sehr gut. Onno Oeltjen war mit seinen Zwergwiddern th\u00fcringer\/wei\u00df erfolgreich und bekam einen 2. Ehrenpreis. Ein L\u00f6wenk\u00f6pfchen von Marie Klaus wurde mit sehr gut bewertet.<\/div><div>\u00a0<\/div><div>Bei den Senioren wurden Horst Staab, die Zuchtgemeinschaft Christina und Dieter Asche, Klaus Martens und Werner Borchers jeweils mit zwei Rassen, Volker G\u00f6ttsche, J\u00fcrgen Frahmann, Walter Borchers und Stefan Meyburg Kreismeister mit ihren Rassen. Geehrt wurden diese Z\u00fcchter jeweils mit einem Pr\u00e4sent sowie mit Landes- und Kreisverbandsehrenpreisen.<\/div><div>Die Z\u00fcchterin Sarah Trendelbernd erreichte mit ihren sehr seltenen Deutschen Riesenkaninchen gelb 4 x ein sehr gut. Einen Ehrenpreis 1 erhielt Hans-G\u00fcnther Steenken f\u00fcr ein mit vorz\u00fcglich bewertetes Helle Gro\u00dfsilber. Die Jungtiergruppe von Vanessa Witt wurde ebenfalls komplett mit sehr gut bewertet. Heinz Martens stellte ein mit vorz\u00fcglich bewertetes Tier aus und bekam einen Kreisverbandsehrenpreis. Alina K\u00fchl erhielte f\u00fcr ihre Zuchttiere Pr\u00e4dikate von hervorragend und sehr gut und einen 4. Ehrenpreis. Arne Erlach stellte mehrere mit vorz\u00fcglich bewertete Satin Kaninchen hasenfarbig aus und erhielt einen E 1.<\/div>\t\t\t\t\t\t<\/div>\n\t\t\t\t<\/div>\n\t\t\t\t\t<\/div>\n\t\t\t\t<\/div>\n\t\t<div class=\"elementor-element elementor-element-8fcaa90 e-con-boxed e-flex e-con\" data-id=\"8fcaa90\" data-element_type=\"container\" data-settings=\"{&quot;content_width&quot;:&quot;boxed&quot;}\">\n\t\t\t\t\t<div class=\"e-con-inner\">\n\t\t\t\t<div class=\"elementor-element elementor-element-dc54675 elementor-widget__width-initial elementor-widget elementor-widget-image\" data-id=\"dc54675\" data-element_type=\"widget\" data-widget_type=\"image.default\">\n\t\t\t\t<div class=\"elementor-widget-container\">\n\t\t\t\t\t\t\t\t\t\t\t\t\t\t\t<img loading=\"lazy\" decoding=\"async\" width=\"290\" height=\"192\" src=\"https:\/\/i101.de\/wp-content\/uploads\/2023\/04\/5b53d852-9a80-42fe-a792-34eee73e5b7a.jpg\" class=\"attachment-full size-full wp-image-196\" alt=\"\" \/>\t\t\t\t\t\t\t\t\t\t\t\t\t\t\t<\/div>\n\t\t\t\t<\/div>\n\t\t\t\t\t<\/div>\n\t\t\t\t<\/div>\n\t\t\t\t\t\t\t<\/div>\n\t\t","protected":false},"excerpt":{"rendered":"<p>Schauen An alle Mitglieder des Kaninchenz\u00fcchtervereinsI 101 Wardenburg und Umgebung e.V.Einladung zur ordentlichen JahreshauptversammlungLiebe Z\u00fcchterinnen und Z\u00fcchter,hiermit lade ich satzungsgem\u00e4\u00df zur ordentlichen Jahreshauptversammlung ein,welche am Mittwoch, den 04. 02. 2026, um 20:00 Uhr,im Vereinslokal \u201eOberlether Krug\u201c, stattfindet.TagesordnungI. Begr\u00fc\u00dfungII. Protokollverlesung von der letzten MonatsversammlungIII. Aufnahme von neuen MitgliedernIV. Bericht des 1. VorsitzendenV. Protokollverlesung von der letzten &hellip;<\/p>\n<p class=\"read-more\"> <a class=\"\" href=\"https:\/\/i101.de\/?page_id=180\"> <span class=\"screen-reader-text\">Schauen<\/span> Weiterlesen &raquo;<\/a><\/p>\n","protected":false},"author":2,"featured_media":0,"parent":0,"menu_order":0,"comment_status":"closed","ping_status":"closed","template":"","meta":{"site-sidebar-layout":"no-sidebar","site-content-layout":"page-builder","ast-global-header-display":"","ast-banner-title-visibility":"","ast-main-header-display":"","ast-hfb-above-header-display":"","ast-hfb-below-header-display":"","ast-hfb-mobile-header-display":"","site-post-title":"disabled","ast-breadcrumbs-content":"","ast-featured-img":"disabled","footer-sml-layout":"","theme-transparent-header-meta":"","adv-header-id-meta":"","stick-header-meta":"","header-above-stick-meta":"","header-main-stick-meta":"","header-below-stick-meta":"","footnotes":""},"class_list":["post-180","page","type-page","status-publish","hentry"],"_links":{"self":[{"href":"https:\/\/i101.de\/index.php?rest_route=\/wp\/v2\/pages\/180","targetHints":{"allow":["GET"]}}],"collection":[{"href":"https:\/\/i101.de\/index.php?rest_route=\/wp\/v2\/pages"}],"about":[{"href":"https:\/\/i101.de\/index.php?rest_route=\/wp\/v2\/types\/page"}],"author":[{"embeddable":true,"href":"https:\/\/i101.de\/index.php?rest_route=\/wp\/v2\/users\/2"}],"replies":[{"embeddable":true,"href":"https:\/\/i101.de\/index.php?rest_route=%2Fwp%2Fv2%2Fcomments&post=180"}],"version-history":[{"count":52,"href":"https:\/\/i101.de\/index.php?rest_route=\/wp\/v2\/pages\/180\/revisions"}],"predecessor-version":[{"id":575,"href":"https:\/\/i101.de\/index.php?rest_route=\/wp\/v2\/pages\/180\/revisions\/575"}],"wp:attachment":[{"href":"https:\/\/i101.de\/index.php?rest_route=%2Fwp%2Fv2%2Fmedia&parent=180"}],"curies":[{"name":"wp","href":"https:\/\/api.w.org\/{rel}","templated":true}]}}